{"id":833,"date":"2023-05-16T15:14:03","date_gmt":"2023-05-16T14:14:03","guid":{"rendered":"https:\/\/ergeagroup.com\/de\/heim\/"},"modified":"2026-03-27T13:40:43","modified_gmt":"2026-03-27T13:40:43","slug":"heim","status":"publish","type":"page","link":"https:\/\/ergeagroup.com\/de\/de\/","title":{"rendered":"Heim"},"content":{"rendered":"\n\n\t\t<ul>\n\t\t\t\t<li>\n\t\t\t<img decoding=\"async\" loading=\"false\" src=\"https:\/\/ergeagroup.com\/de\/wp-content\/uploads\/sites\/3\/2026\/03\/MVZ_Leer_2024_184-1.jpg\" alt=\"\" \/>\t\t\t\n\t\t\t\t<h1>Wir erm\u00f6glichen eine optimale Gesundheitsf\u00fcrsorge<\/h1><p>Als Teil unseres Gesundheitssystems tragen wir t\u00e4glich dazu bei, dass Patientinnen und Patienten die bestm\u00f6gliche medizinische Versorgung erhalten.<\/p>\n\t\t\t<a href=\"https:\/\/ergeagroup.com\/de\/de\/unsere-fachkompetenz\/\" target=\"_self\">\n\t\t\t\t\t\t\tErfahren Sie mehr \u00fcber unsere Fachkompetenz und Expertise\n\t\t\t<\/a>\n\t\t<\/li>\n\t\t\t<li>\n\t\t\t<img decoding=\"async\" loading=\"false\" src=\"https:\/\/ergeagroup.com\/de\/wp-content\/uploads\/sites\/3\/2026\/03\/MVZ_Leer_2024_090-1.jpg\" alt=\"\" \/>\t\t\t\n\t\t\t\t<h1>Der f\u00fchrende Verbund strahlentherapeutischer Praxen in Deutschland<\/h1><p>Wir sind stolz auf die herausragende Ausstattung und Expertise unserer strahlentherapeutischen Praxen, die eine integrale Rolle in der Vor-Ort-Versorgung spielen.<\/p>\n\t\t\t<a href=\"https:\/\/ergeagroup.com\/de\/de\/unsere-fachkompetenz\/#strahlentherapie\" target=\"_self\">\n\t\t\t\t\t\t\tMehr erfahren\n\t\t\t<\/a>\n\t\t<\/li>\n\t\t\t<li>\n\t\t\t<img decoding=\"async\" loading=\"false\" src=\"https:\/\/ergeagroup.com\/de\/wp-content\/uploads\/sites\/3\/2023\/06\/raw-815-1.jpg\" alt=\"\" \/>\t\t\t\n\t\t\t\t<h1>Willkommen bei Erg\u00e9a<\/h1><p>Das RadioOnkologieNetzwerk ist Teil der Erg\u00e9a-Gruppe, Europas f\u00fchrender Plattform f\u00fcr diagnostische Bildgebung und Radioonkologie.<\/p>\n\t\t\t<a href=\"https:\/\/ergeagroup.com\/\" target=\"_self\">\n\t\t\t\t\t\t\tErfahren Sie mehr \u00fcber die Gruppe\n\t\t\t<\/a>\n\t\t<\/li>\n\t\t<\/ul>\n<figure>\n\t\t\t\t<img decoding=\"async\" src=\"https:\/\/ergeagroup.com\/de\/wp-content\/uploads\/sites\/3\/2023\/05\/ergea_logo_gross.png\" alt=\"ergea_logo_gro\u00df\" height=\"1075\" width=\"2712\" title=\"ergea_logo_gro\u00df\" loading=\"lazy\" \/>\n\t<\/figure>\n\t<h2>\u00dcber Erg\u00e9a Deutschland<\/h2>\n<p>Wir sind der f\u00fchrende Verbund strahlentherapeutischer Praxen in Deutschland. Zu unserer Gruppe geh\u00f6ren au\u00dferdem eine Praxis f\u00fcr MRT und Nuklearmedizin, zwei Praxen f\u00fcr Innere Medizin und Onkologie sowie ein Krankenhaus mit Grund- und Notfallversorgung.<\/p>\n<p>F\u00fcr die bestm\u00f6gliche individuelle Behandlung unserer Patienten vereinen wir Hochpr\u00e4zisions-Technologie, medizinisch-technische Kompetenz und menschliche Zuwendung, die wir an allen Standorten unserer medizinischen Versorgungszentren gew\u00e4hrleisten.<\/p>\n<p>So erm\u00f6glichen wir eine optimale Gesundheitsf\u00fcrsorge.<\/p>\n<a target=\"_blank\" href=\"https:\/\/ergeagroup.com\/de\/de\/ueber-uns\/\">Erfahren Sie mehr \u00fcber uns<\/a>\n\t<h2>Unsere Expertise<\/h2>\n\t<p>Wir bieten das gesamte medizinische Leistungspektrum von Diagnose bis Therapie und verf\u00fcgen \u00fcber herausragende Kompetenz speziell in der Radioonkologie<\/p>\n<figure>\n\t\t\t\t<img decoding=\"async\" src=\"https:\/\/ergeagroup.com\/de\/wp-content\/uploads\/sites\/3\/2026\/03\/MVZ_Winnenden_2024_113-3.jpg\" alt=\"MVZ_Winnenden_2024_113\" height=\"1281\" width=\"1920\" title=\"MVZ_Winnenden_2024_113\" loading=\"lazy\" \/>\n\t<\/figure>\n\t<p>Strahlentherapie<\/p>\n<a target=\"_blank\" href=\"https:\/\/ergeagroup.com\/de\/de\/unsere-fachkompetenz\/#strahlentherapie \">Weitere Informationen<\/a>\n<figure>\n\t\t\t\t<img decoding=\"async\" src=\"https:\/\/ergeagroup.com\/de\/wp-content\/uploads\/sites\/3\/2026\/03\/MVZ_Hannover_Rundesstrasse_006.jpg\" alt=\"MVZ_Hannover_Rundesstra\u00dfe_006\" height=\"1281\" width=\"1920\" title=\"MVZ_Hannover_Rundesstra\u00dfe_006\" loading=\"lazy\" \/>\n\t<\/figure>\n\t<p>Diagnostische Bildgebung<\/p>\n<a target=\"_blank\" href=\"https:\/\/ergeagroup.com\/de\/de\/unsere-fachkompetenz\/#diagnostisch \">Weitere Informationen<\/a>\n<figure>\n\t\t\t\t<img decoding=\"async\" src=\"https:\/\/ergeagroup.com\/de\/wp-content\/uploads\/sites\/3\/2023\/06\/Ostalb.jpg\" alt=\"Ostalb\" height=\"1366\" width=\"2048\" title=\"Ostalb\" loading=\"lazy\" \/>\n\t<\/figure>\n\t<p>Onkologische Zentren<\/p>\n<a target=\"_blank\" href=\"https:\/\/ergeagroup.com\/de\/de\/unsere-fachkompetenz\/#onkologie\">Weitere Informationen<\/a>\n\t\t<ul>\n\t\t\t\t<li>\n\t\t\t<img decoding=\"async\" loading=\"false\" src=\"https:\/\/ergeagroup.com\/de\/wp-content\/uploads\/sites\/3\/2023\/05\/MVZ_Aalen_2493-1.jpg\" alt=\"\" \/>\t\t\t\n\t\t\t\tDr. Sandra R\u00f6ddiger and Dr. Ralf Kurek<br \/>\n<strong>Co-Founders of RadioOnkologieNetzwerk<\/strong>\n<p><em>R\u00fcckblickend sch\u00e4tzen wir die Fortschritte, die wir seit dem Start unserer ersten Strahlentherapiepraxis in Aalen gemacht haben, und den positiven Einfluss, den das RadioOnkologieNetzwerk auf das Leben zahlreicher Patienten hatte. Wir sind stolz darauf, unsere Expertise und unser Engagement f\u00fcr das Wachstum von Erg\u00e9a einzusetzen, um den Zugang der Patienten zu einer qualitativ hochwertigen Gesundheitsversorgung in Deutschland und ganz Europa zu verbessern.<\/em><\/p>\n<img decoding=\"async\" loading=\"false\" src=\"https:\/\/ergeagroup.com\/uk\/wp-content\/uploads\/sites\/2\/2023\/02\/quote-left-solid.png\" alt=\"\" \/>\t\t\t\n\t\t<\/li>\n\t\t<\/ul>\n\t<h2>Neuigkeiten<\/h2>\n<a target=\"_blank\" href=\"https:\/\/ergeagroup.com\/de\/de\/nachricht\/ \">Alle Neuigkeiten anzeigen<\/a>\n\t<h2>Qualifikationen und Zertifizierungen<\/h2>\n<p>Unsere Praxen sind vom T\u00dcV S\u00dcD nach dem international anerkannten Standard DIN EN ISO 9001:2015 zertifiziert.<\/p>\n<figure>\n\t\t\t\t<img decoding=\"async\" src=\"https:\/\/ergeagroup.com\/de\/wp-content\/uploads\/sites\/3\/2023\/06\/ISO_9001_farbe_de.gif\" alt=\"ISO_9001_farbe_de\" height=\"299\" width=\"600\" title=\"ISO_9001_farbe_de\" loading=\"lazy\" \/>\n\t<\/figure>\n\n","protected":false},"excerpt":{"rendered":"<p>Wir erm\u00f6glichen eine optimale Gesundheitsf\u00fcrsorge Als Teil unseres Gesundheitssystems tragen wir t\u00e4glich dazu bei, dass Patientinnen und Patienten die bestm\u00f6gliche medizinische Versorgung erhalten. Erfahren Sie mehr \u00fcber unsere Fachkompetenz und Expertise Der f\u00fchrende Verbund strahlentherapeutischer Praxen in Deutschland Wir sind stolz auf die herausragende Ausstattung und Expertise unserer strahlentherapeutischen Praxen, die eine integrale Rolle in&hellip;<\/p>\n","protected":false},"author":1,"featured_media":0,"parent":0,"menu_order":0,"comment_status":"closed","ping_status":"closed","template":"","meta":{"_acf_changed":false,"content-type":"","footnotes":""},"class_list":["post-833","page","type-page","status-publish","hentry"],"acf":[],"_links":{"self":[{"href":"https:\/\/ergeagroup.com\/de\/de\/wp-json\/wp\/v2\/pages\/833","targetHints":{"allow":["GET"]}}],"collection":[{"href":"https:\/\/ergeagroup.com\/de\/de\/wp-json\/wp\/v2\/pages"}],"about":[{"href":"https:\/\/ergeagroup.com\/de\/de\/wp-json\/wp\/v2\/types\/page"}],"author":[{"embeddable":true,"href":"https:\/\/ergeagroup.com\/de\/de\/wp-json\/wp\/v2\/users\/1"}],"replies":[{"embeddable":true,"href":"https:\/\/ergeagroup.com\/de\/de\/wp-json\/wp\/v2\/comments?post=833"}],"version-history":[{"count":0,"href":"https:\/\/ergeagroup.com\/de\/de\/wp-json\/wp\/v2\/pages\/833\/revisions"}],"wp:attachment":[{"href":"https:\/\/ergeagroup.com\/de\/de\/wp-json\/wp\/v2\/media?parent=833"}],"curies":[{"name":"wp","href":"https:\/\/api.w.org\/{rel}","templated":true}]}}